{"id":17,"date":"2019-01-21T11:24:43","date_gmt":"2019-01-21T08:24:43","guid":{"rendered":"http:\/\/cinarhukuk.com\/?page_id=17"},"modified":"2023-08-01T16:11:29","modified_gmt":"2023-08-01T13:11:29","slug":"ekibimiz","status":"publish","type":"page","link":"http:\/\/cinarhukuk.com\/index.php\/ekibimiz\/","title":{"rendered":"Ekibimiz"},"content":{"rendered":"<div id=\"awsm-team-405\" class=\"awsm-grid-wrapper\">\n\t\n\t<div class=\"awsm-modal\">\n\t\t\t<div class=\"awsm-grid-modal awsm-grid modal-style style-1 grid-3-col \">\n\t\t\t\t\t\t<div id=\"awsm-member-405-407\" class=\"awsm-grid-card awsm-team-item awsm-scale-anm awsm-all\">\n\t\t\t\t\t<span id=\"tigger-style-405-407\" class=\"awsm-team-link-control awsm-modal-trigger awsm-modal-trigger-407\" data-trigger=\"#modal-style-405-407\">\n\t\t\t\t\t\t<figure>\n\t\t\t\t\t\t\t<img width=\"500\" height=\"500\" src=\"http:\/\/cinarhukuk.com\/wp-content\/uploads\/2023\/03\/ecinar-500x500.png\" class=\"attachment-awsm_team size-awsm_team wp-post-image\" alt=\"\" loading=\"lazy\" \/>\t\t\t\t\t\t\t<figcaption>\n\t\t\t\t\t\t\t\t<div class=\"awsm-personal-info\">\n\t\t\t\t\t\t\t\t\t<span>Kurucu Ortak<\/span>\t\t\t\t\t\t\t\t\t<h3>Erkin \u00c7INAR<\/h3>\n\t\t\t\t\t\t\t\t<\/div>\n\t\t\t\t\t\t\t<\/figcaption>\n\t\t\t\t\t\t<\/figure>\n\t\t\t\t\t<\/span>\n\t\t\t\t<\/div>\n\t\t\t\t\t\t\t<div id=\"awsm-member-405-411\" class=\"awsm-grid-card awsm-team-item awsm-scale-anm awsm-all\">\n\t\t\t\t\t<span id=\"tigger-style-405-411\" class=\"awsm-team-link-control awsm-modal-trigger awsm-modal-trigger-411\" data-trigger=\"#modal-style-405-411\">\n\t\t\t\t\t\t<figure>\n\t\t\t\t\t\t\t<img width=\"500\" height=\"500\" src=\"http:\/\/cinarhukuk.com\/wp-content\/uploads\/2023\/03\/eicinar-500x500.png\" class=\"attachment-awsm_team size-awsm_team wp-post-image\" alt=\"\" loading=\"lazy\" \/>\t\t\t\t\t\t\t<figcaption>\n\t\t\t\t\t\t\t\t<div class=\"awsm-personal-info\">\n\t\t\t\t\t\t\t\t\t<span>Y\u00f6netici Avukat<\/span>\t\t\t\t\t\t\t\t\t<h3>E. \u0130rem KALKAVAN \u00c7INAR<\/h3>\n\t\t\t\t\t\t\t\t<\/div>\n\t\t\t\t\t\t\t<\/figcaption>\n\t\t\t\t\t\t<\/figure>\n\t\t\t\t\t<\/span>\n\t\t\t\t<\/div>\n\t\t\t\t\t\t\t<div id=\"awsm-member-405-414\" class=\"awsm-grid-card awsm-team-item awsm-scale-anm awsm-all\">\n\t\t\t\t\t<span id=\"tigger-style-405-414\" class=\"awsm-team-link-control awsm-modal-trigger awsm-modal-trigger-414\" data-trigger=\"#modal-style-405-414\">\n\t\t\t\t\t\t<figure>\n\t\t\t\t\t\t\t<img width=\"500\" height=\"500\" src=\"http:\/\/cinarhukuk.com\/wp-content\/uploads\/2023\/03\/ttuncer-500x500.png\" class=\"attachment-awsm_team size-awsm_team wp-post-image\" alt=\"\" loading=\"lazy\" \/>\t\t\t\t\t\t\t<figcaption>\n\t\t\t\t\t\t\t\t<div class=\"awsm-personal-info\">\n\t\t\t\t\t\t\t\t\t<span>K\u0131demli Avukat \/ Arabulucu<\/span>\t\t\t\t\t\t\t\t\t<h3>Tu\u011f\u00e7e TUN\u00c7ER<\/h3>\n\t\t\t\t\t\t\t\t<\/div>\n\t\t\t\t\t\t\t<\/figcaption>\n\t\t\t\t\t\t<\/figure>\n\t\t\t\t\t<\/span>\n\t\t\t\t<\/div>\n\t\t\t\t\t\t\t<div id=\"awsm-member-405-909\" class=\"awsm-grid-card awsm-team-item awsm-scale-anm awsm-all\">\n\t\t\t\t\t<span id=\"tigger-style-405-909\" class=\"awsm-team-link-control awsm-modal-trigger awsm-modal-trigger-909\" data-trigger=\"#modal-style-405-909\">\n\t\t\t\t\t\t<figure>\n\t\t\t\t\t\t\t<img width=\"500\" height=\"500\" src=\"http:\/\/cinarhukuk.com\/wp-content\/uploads\/2023\/03\/sbayhan-500x500.png\" class=\"attachment-awsm_team size-awsm_team wp-post-image\" alt=\"\" loading=\"lazy\" \/>\t\t\t\t\t\t\t<figcaption>\n\t\t\t\t\t\t\t\t<div class=\"awsm-personal-info\">\n\t\t\t\t\t\t\t\t\t<span>Avukat<\/span>\t\t\t\t\t\t\t\t\t<h3>Mustafa Selim BAYHAN<\/h3>\n\t\t\t\t\t\t\t\t<\/div>\n\t\t\t\t\t\t\t<\/figcaption>\n\t\t\t\t\t\t<\/figure>\n\t\t\t\t\t<\/span>\n\t\t\t\t<\/div>\n\t\t\t\t\t\t\t<div id=\"awsm-member-405-4085\" class=\"awsm-grid-card awsm-team-item awsm-scale-anm awsm-all\">\n\t\t\t\t\t<span id=\"tigger-style-405-4085\" class=\"awsm-team-link-control awsm-modal-trigger awsm-modal-trigger-4085\" data-trigger=\"#modal-style-405-4085\">\n\t\t\t\t\t\t<figure>\n\t\t\t\t\t\t\t<img width=\"500\" height=\"500\" src=\"http:\/\/cinarhukuk.com\/wp-content\/uploads\/2023\/03\/afcalik-500x500.png\" class=\"attachment-awsm_team size-awsm_team wp-post-image\" alt=\"\" loading=\"lazy\" \/>\t\t\t\t\t\t\t<figcaption>\n\t\t\t\t\t\t\t\t<div class=\"awsm-personal-info\">\n\t\t\t\t\t\t\t\t\t<span>Avukat<\/span>\t\t\t\t\t\t\t\t\t<h3>Ali Fuat \u00c7ALIK<\/h3>\n\t\t\t\t\t\t\t\t<\/div>\n\t\t\t\t\t\t\t<\/figcaption>\n\t\t\t\t\t\t<\/figure>\n\t\t\t\t\t<\/span>\n\t\t\t\t<\/div>\n\t\t\t\t\t\t\t<div id=\"awsm-member-405-417\" class=\"awsm-grid-card awsm-team-item awsm-scale-anm awsm-all\">\n\t\t\t\t\t<span id=\"tigger-style-405-417\" class=\"awsm-team-link-control awsm-modal-trigger awsm-modal-trigger-417\" data-trigger=\"#modal-style-405-417\">\n\t\t\t\t\t\t<figure>\n\t\t\t\t\t\t\t<img width=\"500\" height=\"500\" src=\"http:\/\/cinarhukuk.com\/wp-content\/uploads\/2023\/03\/tcaylak-500x500.png\" class=\"attachment-awsm_team size-awsm_team wp-post-image\" alt=\"\" loading=\"lazy\" \/>\t\t\t\t\t\t\t<figcaption>\n\t\t\t\t\t\t\t\t<div class=\"awsm-personal-info\">\n\t\t\t\t\t\t\t\t\t<span>\u0130cra Departman Sorumlusu<\/span>\t\t\t\t\t\t\t\t\t<h3>Turan \u00c7AYLAK<\/h3>\n\t\t\t\t\t\t\t\t<\/div>\n\t\t\t\t\t\t\t<\/figcaption>\n\t\t\t\t\t\t<\/figure>\n\t\t\t\t\t<\/span>\n\t\t\t\t<\/div>\n\t\t\t\t\t\t\t<div id=\"awsm-member-405-786\" class=\"awsm-grid-card awsm-team-item awsm-scale-anm awsm-all\">\n\t\t\t\t\t<span id=\"tigger-style-405-786\" class=\"awsm-team-link-control awsm-modal-trigger awsm-modal-trigger-786\" data-trigger=\"#modal-style-405-786\">\n\t\t\t\t\t\t<figure>\n\t\t\t\t\t\t\t<img width=\"500\" height=\"500\" src=\"http:\/\/cinarhukuk.com\/wp-content\/uploads\/2023\/03\/gcinar-500x500.png\" class=\"attachment-awsm_team size-awsm_team wp-post-image\" alt=\"\" loading=\"lazy\" \/>\t\t\t\t\t\t\t<figcaption>\n\t\t\t\t\t\t\t\t<div class=\"awsm-personal-info\">\n\t\t\t\t\t\t\t\t\t<span>\u0130dare ve Finans Y\u00f6neticisi<\/span>\t\t\t\t\t\t\t\t\t<h3>G\u00fclce \u00c7INAR<\/h3>\n\t\t\t\t\t\t\t\t<\/div>\n\t\t\t\t\t\t\t<\/figcaption>\n\t\t\t\t\t\t<\/figure>\n\t\t\t\t\t<\/span>\n\t\t\t\t<\/div>\n\t\t\t\t\t\t\t<div id=\"awsm-member-405-418\" class=\"awsm-grid-card awsm-team-item awsm-scale-anm awsm-all\">\n\t\t\t\t\t<span id=\"tigger-style-405-418\" class=\"awsm-team-link-control awsm-modal-trigger awsm-modal-trigger-418\" data-trigger=\"#modal-style-405-418\">\n\t\t\t\t\t\t<figure>\n\t\t\t\t\t\t\t<img width=\"500\" height=\"500\" src=\"http:\/\/cinarhukuk.com\/wp-content\/uploads\/2023\/03\/cerbek-500x500.png\" class=\"attachment-awsm_team size-awsm_team wp-post-image\" alt=\"\" loading=\"lazy\" \/>\t\t\t\t\t\t\t<figcaption>\n\t\t\t\t\t\t\t\t<div class=\"awsm-personal-info\">\n\t\t\t\t\t\t\t\t\t<span>Y\u00f6netici Asistan\u0131<\/span>\t\t\t\t\t\t\t\t\t<h3>Canan ERBEK<\/h3>\n\t\t\t\t\t\t\t\t<\/div>\n\t\t\t\t\t\t\t<\/figcaption>\n\t\t\t\t\t\t<\/figure>\n\t\t\t\t\t<\/span>\n\t\t\t\t<\/div>\n\t\t\t\t\t\t\t<div id=\"awsm-member-405-525\" class=\"awsm-grid-card awsm-team-item awsm-scale-anm awsm-all\">\n\t\t\t\t\t<span id=\"tigger-style-405-525\" class=\"awsm-team-link-control awsm-modal-trigger awsm-modal-trigger-525\" data-trigger=\"#modal-style-405-525\">\n\t\t\t\t\t\t<figure>\n\t\t\t\t\t\t\t<img width=\"500\" height=\"500\" src=\"http:\/\/cinarhukuk.com\/wp-content\/uploads\/2023\/03\/ztatar-500x500.png\" class=\"attachment-awsm_team size-awsm_team wp-post-image\" alt=\"\" loading=\"lazy\" \/>\t\t\t\t\t\t\t<figcaption>\n\t\t\t\t\t\t\t\t<div class=\"awsm-personal-info\">\n\t\t\t\t\t\t\t\t\t<span>Ofis Personeli<\/span>\t\t\t\t\t\t\t\t\t<h3>Z\u00fcleyha TATAR<\/h3>\n\t\t\t\t\t\t\t\t<\/div>\n\t\t\t\t\t\t\t<\/figcaption>\n\t\t\t\t\t\t<\/figure>\n\t\t\t\t\t<\/span>\n\t\t\t\t<\/div>\n\t\t\t\t\t<\/div>\n\t\t<div class=\"awsm-modal-items modal-style style-1 grid-3-col \">\n\t\t\t<span class=\"awsm-team-link-control awsm-modal-close\"><\/span>\n\t\t\t<div class=\"awsm-modal-items-main\">\n\t\t\t\t<span class=\"awsm-team-link-control awsm-nav-item awsm-nav-left\"><\/span>\n\t\t\t\t\t<div id=\"modal-style-405-407\" class=\"awsm-modal-item awsm-scale-anm awsm-modal-hidden awsm-all \" data-info=\"407\">\n\t<div id=\"awsm-member-info-405-407\" class=\"awsm-modal-content\">\n\t\t<div class=\"awsm-modal-content-main\">\n\t\t\t<div class=\"awsm-image-main\">\n\t\t\t\t<img width=\"500\" height=\"500\" src=\"http:\/\/cinarhukuk.com\/wp-content\/uploads\/2023\/03\/ecinar-500x500.png\" class=\"attachment-awsm_team size-awsm_team wp-post-image\" alt=\"\" loading=\"lazy\" \/>\t\t\t<\/div>\n\t\t\t<div class=\"awsm-modal-details\">\n\t\t\t\t<div class=\"awsm-modal-content-inner\">\n\t\t\t\t\t<h3>Kurucu Ortak<\/h3><h2>Erkin \u00c7INAR<\/h2>\n<p>Av.Erkin \u00c7INAR, \u0130stanbul Bilgi \u00dcniversitesi Hukuk Fak\u00fcltesi\u2019nden 2008 y\u0131l\u0131nda mezun olmu\u015ftur. \u00d6\u011frencilik y\u0131llar\u0131nda yar\u0131 profesyonel tiyatrolarla \u00fc\u00e7 y\u0131l boyunca sahneye \u00e7\u0131km\u0131\u015ft\u0131r. \u0130stanbul Barosu taraf\u0131ndan 2007 y\u0131l\u0131nda d\u00fczenlenen \u201cFarazi Dava ve Duru\u015fma Yar\u0131\u015fmas\u0131\u201dnda Galatasaray \u00dcniversitesi ve Dokuz Eyl\u00fcl \u00dcniversitesinin ard\u0131ndan \u0130stanbul Bilgi \u00dcniversitesi ile \u00fc\u00e7\u00fcnc\u00fcl\u00fck \u00f6d\u00fcl\u00fcn\u00fc alm\u0131\u015ft\u0131r. University of California San Diego 2009 y\u0131l\u0131 Legal English Program b\u00f6l\u00fcm\u00fcnde e\u011fitim alm\u0131\u015ft\u0131r. <\/p>\n\n\n\n<p>\u00d6zelle\u015ftirme \u0130daresi Ba\u015fkanl\u0131\u011f\u0131 taraf\u0131ndan 2015 ve 2018 y\u0131llar\u0131nda \u00f6zelle\u015ftirilen liman ve fabrikalarla ilgili olarak T\u00fcrkiye\u2019nin \u00f6nde gelen Holding \u015firketlerine dan\u0131\u015fmanl\u0131k yapm\u0131\u015ft\u0131r. Halen yerli ve yabanc\u0131 men\u015feli \u015firketlere hukuki dan\u0131\u015fmanl\u0131k yapmaktad\u0131r. <\/p>\n\n\n\n<p>Evli ve 2 \u00e7ocuk babas\u0131d\u0131r.<\/p>\n<div class=\"awsm-social-icons\"><span><a href=\"https:\/\/www.linkedin.com\/in\/erkin-cinar-3a19166b\/\" target=\"_blank\"><i class=\"awsm-icon-linkedin\" aria-hidden=\"true\"><\/i><\/a><\/span><\/div>\t\t\t\t<\/div>\n\t\t\t<\/div>\n\t\t<\/div>\n\t<\/div>\n<\/div>\n<div id=\"modal-style-405-411\" class=\"awsm-modal-item awsm-scale-anm awsm-modal-hidden awsm-all \" data-info=\"411\">\n\t<div id=\"awsm-member-info-405-411\" class=\"awsm-modal-content\">\n\t\t<div class=\"awsm-modal-content-main\">\n\t\t\t<div class=\"awsm-image-main\">\n\t\t\t\t<img width=\"500\" height=\"500\" src=\"http:\/\/cinarhukuk.com\/wp-content\/uploads\/2023\/03\/eicinar-500x500.png\" class=\"attachment-awsm_team size-awsm_team wp-post-image\" alt=\"\" loading=\"lazy\" \/>\t\t\t<\/div>\n\t\t\t<div class=\"awsm-modal-details\">\n\t\t\t\t<div class=\"awsm-modal-content-inner\">\n\t\t\t\t\t<h3>Y\u00f6netici Avukat<\/h3><h2>E. \u0130rem KALKAVAN \u00c7INAR<\/h2>\n<p>Av. E. \u0130rem \u00c7INAR, \u0130stanbul Bilgi \u00dcniversitesi Hukuk Fak\u00fclteisnden 2008 y\u0131l\u0131nda mezun olduktan sonra zorunlu staj\u0131 s\u00fcresinde ayn\u0131 zamanda \u0130stanbul Bilgi \u00dcniversitesi Sosyal Bilimler Enstit\u00fcs\u00fc Ekonomi Hukuku alan\u0131nda y\u00fcksek lisans yapm\u0131\u015f, Holding \u015eirketlerde \u0130\u015f\u00e7i K\u0131demi konulu proje ile, \u015firketler hukuku, hukuk ve i\u015fletme alanlar\u0131nda uzmanl\u0131k belgeleri ile 2011 y\u0131l\u0131nda mezun olmu\u015ftur. \u00d6\u011frencilik d\u00f6neminde Bilgi \u00dcniversitesi Hukuk Klini\u011finin y\u00fcr\u00fctm\u00fc\u015f oldu\u011fu proje kapsam\u0131nda Bak\u0131rk\u00f6y Kad\u0131n Kapal\u0131 Ceza \u0130nfaz Kurumunda, h\u00fck\u00fcml\u00fc ve tutuklu bulunan kad\u0131nlar\u0131n topluma kazand\u0131r\u0131lmas\u0131 amac\u0131 ile temel basit hukuki bilgilendirme yapan grupla birlikte \u00e7al\u0131\u015fm\u0131\u015ft\u0131r. Ayn\u0131 d\u00f6nemde Ceza \u0130nfaz Sisteminde Sivil Toplum derne\u011finin hapishanelerin \u015feffafla\u015ft\u0131r\u0131lmas\u0131 ve sivil toplumla ba\u011flar\u0131n\u0131n g\u00fc\u00e7lendirilmesi amac\u0131yla y\u00fcr\u00fctt\u00fc\u011f\u00fc faaliyetler kapsam\u0131nda Bolu F Tipi ve Tekirda\u011f F Tipi Cezaevlerindeki h\u00fck\u00fcml\u00fclerle at\u00f6lye \u00e7al\u0131\u015fmalar\u0131na kat\u0131lm\u0131\u015ft\u0131r.&nbsp;<\/p>\n\n\n\n<p>Aile \u015eirketlerinde Y\u00f6neticilik e\u011fitimi de alm\u0131\u015f olan Av. \u0130rem \u00c7\u0131nar 2 y\u0131l s\u00fcreyle kendi aile \u015firketinde \u00e7al\u0131\u015ft\u0131ktan sonra, 2010 y\u0131l\u0131nda avukatl\u0131k ruhsat\u0131n\u0131 alm\u0131\u015f, 2012 y\u0131l\u0131ndan itibaren de \u00c7\u0131nar Hukuk B\u00fcrosunda y\u00f6netici avukat olarak \u00e7al\u0131\u015fmaktad\u0131r. Halihaz\u0131rda \u0130stanbul \u00dcniversitesi \u00c7ocuk Geli\u015fimi B\u00f6l\u00fcm\u00fcnde lisans \u00f6\u011frencisidir.&nbsp;<\/p>\n\n\n\n<p>Evli ve 2 \u00e7ocuk annesidir.&nbsp;<\/p>\n<div class=\"awsm-social-icons\"><span><a href=\"https:\/\/www.linkedin.com\/in\/e-irem-\u00e7inar-a107809a\/\" target=\"_blank\"><i class=\"awsm-icon-linkedin\" aria-hidden=\"true\"><\/i><\/a><\/span><\/div>\t\t\t\t<\/div>\n\t\t\t<\/div>\n\t\t<\/div>\n\t<\/div>\n<\/div>\n<div id=\"modal-style-405-414\" class=\"awsm-modal-item awsm-scale-anm awsm-modal-hidden awsm-all \" data-info=\"414\">\n\t<div id=\"awsm-member-info-405-414\" class=\"awsm-modal-content\">\n\t\t<div class=\"awsm-modal-content-main\">\n\t\t\t<div class=\"awsm-image-main\">\n\t\t\t\t<img width=\"500\" height=\"500\" src=\"http:\/\/cinarhukuk.com\/wp-content\/uploads\/2023\/03\/ttuncer-500x500.png\" class=\"attachment-awsm_team size-awsm_team wp-post-image\" alt=\"\" loading=\"lazy\" \/>\t\t\t<\/div>\n\t\t\t<div class=\"awsm-modal-details\">\n\t\t\t\t<div class=\"awsm-modal-content-inner\">\n\t\t\t\t\t<h3>K\u0131demli Avukat \/ Arabulucu<\/h3><h2>Tu\u011f\u00e7e TUN\u00c7ER<\/h2>\n<p>2008 y\u0131l\u0131nda Marmara \u00dcniversitesi Hukuk Fak\u00fcltesi\u2019nde hukuk \u00f6\u011frenimine ba\u015flayan Tu\u011f\u00e7e TUN\u00c7ER 2012 y\u0131l\u0131nda mezun olarak meslek hayat\u0131na at\u0131lm\u0131\u015ft\u0131r.<\/p>\n\n\n\n<p>2021 y\u0131l\u0131nda Arabuluculuk s\u0131nav\u0131n\u0131 ge\u00e7erek, Arabulucu olarak da faaliyet g\u00f6stermeye ba\u015flam\u0131\u015ft\u0131r. A\u011f\u0131rl\u0131kl\u0131 olarak \u0130\u015f ve Sosyal G\u00fcvenlik Hukuku, Aile Hukuku alanlar\u0131nda \u00e7al\u0131\u015fan Tu\u011f\u00e7e TUN\u00c7ER, \u00c7\u0131nar Hukuk B\u00fcrosu ailesinin 2019 y\u0131l\u0131ndan beri mensubudur.<\/p>\n<div class=\"awsm-social-icons\"><span><a href=\"https:\/\/www.linkedin.com\/in\/tu\u011f\u00e7e-tun\u00e7er-280b08155\/\" target=\"_blank\"><i class=\"awsm-icon-linkedin\" aria-hidden=\"true\"><\/i><\/a><\/span><\/div>\t\t\t\t<\/div>\n\t\t\t<\/div>\n\t\t<\/div>\n\t<\/div>\n<\/div>\n<div id=\"modal-style-405-909\" class=\"awsm-modal-item awsm-scale-anm awsm-modal-hidden awsm-all \" data-info=\"909\">\n\t<div id=\"awsm-member-info-405-909\" class=\"awsm-modal-content\">\n\t\t<div class=\"awsm-modal-content-main\">\n\t\t\t<div class=\"awsm-image-main\">\n\t\t\t\t<img width=\"500\" height=\"500\" src=\"http:\/\/cinarhukuk.com\/wp-content\/uploads\/2023\/03\/sbayhan-500x500.png\" class=\"attachment-awsm_team size-awsm_team wp-post-image\" alt=\"\" loading=\"lazy\" \/>\t\t\t<\/div>\n\t\t\t<div class=\"awsm-modal-details\">\n\t\t\t\t<div class=\"awsm-modal-content-inner\">\n\t\t\t\t\t<h3>Avukat<\/h3><h2>Mustafa Selim BAYHAN<\/h2>\n<p>Sakarya \u00dcniversitesi Hukuk Fak\u00fcltesi&#8217;nden mezun olan M. Selim Bayhan \u00c7\u0131nar Hukuk B\u00fcrosunda avukat olarak \u00e7al\u0131\u015fmaktad\u0131r. Halihaz\u0131rda Anadolu \u00dcniversitesi Siyaset Bilimi ve Kamu Y\u00f6netimi b\u00f6l\u00fcm\u00fcnde lisans e\u011fitimi devam etmektedir.<\/p>\n\n\n\n<p>M. Selim Bayhan, 2022 y\u0131l\u0131ndan beri \u00c7\u0131nar Hukuk B\u00fcrosu ailesinin bir mensubudur.<\/p>\n\t\t\t\t<\/div>\n\t\t\t<\/div>\n\t\t<\/div>\n\t<\/div>\n<\/div>\n<div id=\"modal-style-405-4085\" class=\"awsm-modal-item awsm-scale-anm awsm-modal-hidden awsm-all \" data-info=\"4085\">\n\t<div id=\"awsm-member-info-405-4085\" class=\"awsm-modal-content\">\n\t\t<div class=\"awsm-modal-content-main\">\n\t\t\t<div class=\"awsm-image-main\">\n\t\t\t\t<img width=\"500\" height=\"500\" src=\"http:\/\/cinarhukuk.com\/wp-content\/uploads\/2023\/03\/afcalik-500x500.png\" class=\"attachment-awsm_team size-awsm_team wp-post-image\" alt=\"\" loading=\"lazy\" \/>\t\t\t<\/div>\n\t\t\t<div class=\"awsm-modal-details\">\n\t\t\t\t<div class=\"awsm-modal-content-inner\">\n\t\t\t\t\t<h3>Avukat<\/h3><h2>Ali Fuat \u00c7ALIK<\/h2>\n<p>Ali Fuat \u00c7al\u0131k, \u00c7\u0131nar Hukuk B\u00fcrosunda avukatt\u0131r. Dokuz Eyl\u00fcl \u00dcniversitesi Hukuk Fak\u00fcltesinden 2022 y\u0131l\u0131nda &#8220;Y\u00fcksek Onur Derecesi&#8221; ile mezun olmu\u015ftur. \u00dcniversite \u00f6\u011frenimini s\u00fcrd\u00fcr\u00fcrken 1.5 y\u0131l boyunca okulunun M\u00fcnazara Toplulu\u011funun ba\u015fkanl\u0131\u011f\u0131 g\u00f6revini y\u00fcr\u00fctm\u00fc\u015ft\u00fcr. Halihaz\u0131rda \u0130stanbul \u00dcniversitesi\u2019nde Kamu Hukuku Y\u00fcksek Lisans Program\u0131 kapsam\u0131nda tez a\u015famas\u0131ndad\u0131r. \u0130yi derecede \u0130ngilizce bilmektedir.<\/p>\n\n\n\n<p>Ali Fuat \u00c7ALIK 2022 y\u0131l\u0131ndan beri \u00c7\u0131nar Hukuk B\u00fcrosu ailesinin bir mensubudur.<\/p>\n<div class=\"awsm-social-icons\"><span><a href=\"https:\/\/www.linkedin.com\/in\/alifuatcalikk\/\" target=\"_blank\"><i class=\"awsm-icon-linkedin\" aria-hidden=\"true\"><\/i><\/a><\/span><\/div>\t\t\t\t<\/div>\n\t\t\t<\/div>\n\t\t<\/div>\n\t<\/div>\n<\/div>\n<div id=\"modal-style-405-417\" class=\"awsm-modal-item awsm-scale-anm awsm-modal-hidden awsm-all \" data-info=\"417\">\n\t<div id=\"awsm-member-info-405-417\" class=\"awsm-modal-content\">\n\t\t<div class=\"awsm-modal-content-main\">\n\t\t\t<div class=\"awsm-image-main\">\n\t\t\t\t<img width=\"500\" height=\"500\" src=\"http:\/\/cinarhukuk.com\/wp-content\/uploads\/2023\/03\/tcaylak-500x500.png\" class=\"attachment-awsm_team size-awsm_team wp-post-image\" alt=\"\" loading=\"lazy\" \/>\t\t\t<\/div>\n\t\t\t<div class=\"awsm-modal-details\">\n\t\t\t\t<div class=\"awsm-modal-content-inner\">\n\t\t\t\t\t<h3>\u0130cra Departman Sorumlusu<\/h3><h2>Turan \u00c7AYLAK<\/h2>\n<p>Aslen Konya&#8217;l\u0131 olan Turan \u00c7AYLAK, Ankara \u00dcniversitesi Adalet Y\u00fcksekokulu mezunu olup 1987 y\u0131l\u0131nda memuriyete ba\u015flam\u0131\u015ft\u0131r. S\u0131ras\u0131yla \u00c7umra Cumhuriyet Ba\u015fsavc\u0131l\u0131\u011f\u0131, Konya Sulh Hukuk Mahkemesi Zab\u0131t Katipli\u011fi, Kad\u0131nhan\u0131 Adliye Yaz\u0131 \u0130\u015fleri M\u00fcd\u00fcrl\u00fc\u011f\u00fc, \u015eenkaya\/Erzurum,\u00a0Sand\u0131kl\u0131\/Afyon, Merkez\/Konya, \u00dcsk\u00fcdar\/\u0130stanbul ve \u0130stanbul Anadolu Adliyesi \u0130cra M\u00fcd\u00fcrl\u00fc\u011f\u00fc g\u00f6revlerinden sonra 2018 y\u0131l\u0131nda emekli olmu\u015ftur. <\/p>\n\n\n\n<p>2019 y\u0131l\u0131nda \u00c7\u0131nar Hukuk B\u00fcrosu ailesine kat\u0131lm\u0131\u015f olan Turan \u00c7AYLAK, \u00c7\u0131nar Hukuk B\u00fcrosu \u0130cra Departman sorumlusu olarak \u00e7al\u0131\u015fmaktad\u0131r.<\/p>\n\t\t\t\t<\/div>\n\t\t\t<\/div>\n\t\t<\/div>\n\t<\/div>\n<\/div>\n<div id=\"modal-style-405-786\" class=\"awsm-modal-item awsm-scale-anm awsm-modal-hidden awsm-all \" data-info=\"786\">\n\t<div id=\"awsm-member-info-405-786\" class=\"awsm-modal-content\">\n\t\t<div class=\"awsm-modal-content-main\">\n\t\t\t<div class=\"awsm-image-main\">\n\t\t\t\t<img width=\"500\" height=\"500\" src=\"http:\/\/cinarhukuk.com\/wp-content\/uploads\/2023\/03\/gcinar-500x500.png\" class=\"attachment-awsm_team size-awsm_team wp-post-image\" alt=\"\" loading=\"lazy\" \/>\t\t\t<\/div>\n\t\t\t<div class=\"awsm-modal-details\">\n\t\t\t\t<div class=\"awsm-modal-content-inner\">\n\t\t\t\t\t<h3>\u0130dare ve Finans Y\u00f6neticisi<\/h3><h2>G\u00fclce \u00c7INAR<\/h2>\n<p>G\u00fclce \u00c7INAR 2020 y\u0131l\u0131ndan beri \u00c7\u0131nar Hukuk B\u00fcrosu Ailesinin bir mensubudur.<\/p>\n\n\n\n<p><\/p>\n<div class=\"awsm-social-icons\"><span><a href=\"https:\/\/www.linkedin.com\/in\/g\u00fclce-\u00e7\u0131nar-230b258b\/\" target=\"_blank\"><i class=\"awsm-icon-linkedin\" aria-hidden=\"true\"><\/i><\/a><\/span><\/div>\t\t\t\t<\/div>\n\t\t\t<\/div>\n\t\t<\/div>\n\t<\/div>\n<\/div>\n<div id=\"modal-style-405-418\" class=\"awsm-modal-item awsm-scale-anm awsm-modal-hidden awsm-all \" data-info=\"418\">\n\t<div id=\"awsm-member-info-405-418\" class=\"awsm-modal-content\">\n\t\t<div class=\"awsm-modal-content-main\">\n\t\t\t<div class=\"awsm-image-main\">\n\t\t\t\t<img width=\"500\" height=\"500\" src=\"http:\/\/cinarhukuk.com\/wp-content\/uploads\/2023\/03\/cerbek-500x500.png\" class=\"attachment-awsm_team size-awsm_team wp-post-image\" alt=\"\" loading=\"lazy\" \/>\t\t\t<\/div>\n\t\t\t<div class=\"awsm-modal-details\">\n\t\t\t\t<div class=\"awsm-modal-content-inner\">\n\t\t\t\t\t<h3>Y\u00f6netici Asistan\u0131<\/h3><h2>Canan ERBEK<\/h2>\n<p>Anadolu \u00dcniversitesi Halkla \u0130li\u015fkiler \u00f6nlisans b\u00f6l\u00fcm\u00fcnden 2003 y\u0131l\u0131nda mezun olan Canan ERBEK 2022 y\u0131l\u0131ndan beri \u00c7\u0131nar Hukuk B\u00fcrosu Ailesinin bir par\u00e7as\u0131d\u0131r. <\/p>\n\t\t\t\t<\/div>\n\t\t\t<\/div>\n\t\t<\/div>\n\t<\/div>\n<\/div>\n<div id=\"modal-style-405-525\" class=\"awsm-modal-item awsm-scale-anm awsm-modal-hidden awsm-all \" data-info=\"525\">\n\t<div id=\"awsm-member-info-405-525\" class=\"awsm-modal-content\">\n\t\t<div class=\"awsm-modal-content-main\">\n\t\t\t<div class=\"awsm-image-main\">\n\t\t\t\t<img width=\"500\" height=\"500\" src=\"http:\/\/cinarhukuk.com\/wp-content\/uploads\/2023\/03\/ztatar-500x500.png\" class=\"attachment-awsm_team size-awsm_team wp-post-image\" alt=\"\" loading=\"lazy\" \/>\t\t\t<\/div>\n\t\t\t<div class=\"awsm-modal-details\">\n\t\t\t\t<div class=\"awsm-modal-content-inner\">\n\t\t\t\t\t<h3>Ofis Personeli<\/h3><h2>Z\u00fcleyha TATAR<\/h2>\n<p>Z\u00fcleyha TATAR 2006 y\u0131l\u0131ndan beri \u00c7\u0131nar Hukuk B\u00fcrosu Ailesinin bir mensubudur.<\/p>\n\t\t\t\t<\/div>\n\t\t\t<\/div>\n\t\t<\/div>\n\t<\/div>\n<\/div>\n\t\t\t\t<span class=\"awsm-team-link-control awsm-nav-item awsm-nav-right\"><\/span>\n\t\t\t   <\/div>\n\t\t<\/div>\n\t\t<\/div>\n<\/div>\n\n\n\n\n<p><\/p>\n","protected":false},"excerpt":{"rendered":"Z\u00fcleyha TATAR 2006 y\u0131l\u0131ndan beri \u00c7\u0131nar Hukuk B\u00fcrosu Ailesinin bir mensubudur.","protected":false},"author":2,"featured_media":0,"parent":0,"menu_order":0,"comment_status":"closed","ping_status":"closed","template":"","meta":[],"acf":[],"_links":{"self":[{"href":"http:\/\/cinarhukuk.com\/index.php\/wp-json\/wp\/v2\/pages\/17"}],"collection":[{"href":"http:\/\/cinarhukuk.com\/index.php\/wp-json\/wp\/v2\/pages"}],"about":[{"href":"http:\/\/cinarhukuk.com\/index.php\/wp-json\/wp\/v2\/types\/page"}],"author":[{"embeddable":true,"href":"http:\/\/cinarhukuk.com\/index.php\/wp-json\/wp\/v2\/users\/2"}],"replies":[{"embeddable":true,"href":"http:\/\/cinarhukuk.com\/index.php\/wp-json\/wp\/v2\/comments?post=17"}],"version-history":[{"count":28,"href":"http:\/\/cinarhukuk.com\/index.php\/wp-json\/wp\/v2\/pages\/17\/revisions"}],"predecessor-version":[{"id":705,"href":"http:\/\/cinarhukuk.com\/index.php\/wp-json\/wp\/v2\/pages\/17\/revisions\/705"}],"wp:attachment":[{"href":"http:\/\/cinarhukuk.com\/index.php\/wp-json\/wp\/v2\/media?parent=17"}],"curies":[{"name":"wp","href":"https:\/\/api.w.org\/{rel}","templated":true}]}}